{"id":11746,"date":"2024-05-28T15:39:24","date_gmt":"2024-05-28T15:39:24","guid":{"rendered":"https:\/\/turismebenifallet.cat\/cor-del-ebre\/"},"modified":"2025-09-26T09:52:14","modified_gmt":"2025-09-26T09:52:14","slug":"corazon-ebro","status":"publish","type":"page","link":"https:\/\/turismebenifallet.cat\/es\/","title":{"rendered":"CORAZ\u00d3N DEL EBRO"},"content":{"rendered":"\t\t<div data-elementor-type=\"wp-page\" data-elementor-id=\"11746\" class=\"elementor elementor-11746 elementor-23\" data-elementor-post-type=\"page\">\n\t\t\t\t\t\t<section class=\"elementor-section elementor-top-section elementor-element elementor-element-4c3a2e8 elementor-section-full_width elementor-section-height-min-height elementor-section-height-default elementor-section-items-middle\" data-id=\"4c3a2e8\" data-element_type=\"section\" data-e-type=\"section\" data-settings=\"{&quot;background_background&quot;:&quot;slideshow&quot;,&quot;background_slideshow_gallery&quot;:[{&quot;id&quot;:600,&quot;url&quot;:&quot;https:\\\/\\\/turismebenifallet.cat\\\/wp-content\\\/uploads\\\/2024\\\/05\\\/poble10.jpg&quot;}],&quot;background_slideshow_loop&quot;:&quot;yes&quot;,&quot;background_slideshow_slide_duration&quot;:5000,&quot;background_slideshow_slide_transition&quot;:&quot;fade&quot;,&quot;background_slideshow_transition_duration&quot;:500}\">\n\t\t\t\t\t\t\t<div class=\"elementor-background-overlay\"><\/div>\n\t\t\t\t\t\t\t<div class=\"elementor-container elementor-column-gap-default\">\n\t\t\t\t\t<div class=\"elementor-column elementor-col-100 elementor-top-column elementor-element elementor-element-41dbb97\" data-id=\"41dbb97\" data-element_type=\"column\" data-e-type=\"column\">\n\t\t\t<div class=\"elementor-widget-wrap elementor-element-populated\">\n\t\t\t\t\t\t<div class=\"elementor-element elementor-element-78bca0e elementor-widget elementor-widget-spacer\" data-id=\"78bca0e\" data-element_type=\"widget\" data-e-type=\"widget\" data-widget_type=\"spacer.default\">\n\t\t\t\t\t\t\t<div class=\"elementor-spacer\">\n\t\t\t<div class=\"elementor-spacer-inner\"><\/div>\n\t\t<\/div>\n\t\t\t\t\t\t<\/div>\n\t\t\t\t\t<\/div>\n\t\t<\/div>\n\t\t\t\t\t<\/div>\n\t\t<\/section>\n\t\t\t\t<section class=\"elementor-section elementor-top-section elementor-element elementor-element-8760aaf elementor-section-boxed elementor-section-height-default elementor-section-height-default\" data-id=\"8760aaf\" data-element_type=\"section\" data-e-type=\"section\" data-settings=\"{&quot;background_background&quot;:&quot;classic&quot;}\">\n\t\t\t\t\t\t<div class=\"elementor-container elementor-column-gap-default\">\n\t\t\t\t\t<div class=\"elementor-column elementor-col-100 elementor-top-column elementor-element elementor-element-3efa35b\" data-id=\"3efa35b\" data-element_type=\"column\" data-e-type=\"column\">\n\t\t\t<div class=\"elementor-widget-wrap elementor-element-populated\">\n\t\t\t\t\t\t<div class=\"elementor-element elementor-element-b9ff6a0 elementor-widget elementor-widget-spacer\" data-id=\"b9ff6a0\" data-element_type=\"widget\" data-e-type=\"widget\" data-widget_type=\"spacer.default\">\n\t\t\t\t\t\t\t<div class=\"elementor-spacer\">\n\t\t\t<div class=\"elementor-spacer-inner\"><\/div>\n\t\t<\/div>\n\t\t\t\t\t\t<\/div>\n\t\t\t\t<div class=\"elementor-element elementor-element-bb75356 elementor-view-default elementor-position-top elementor-widget elementor-widget-themo-header\" data-id=\"bb75356\" data-element_type=\"widget\" data-e-type=\"widget\" data-widget_type=\"themo-header.default\">\n\t\t\t\t<div class=\"elementor-widget-container\">\n\t\t\t\t\t\t\t<div class=\"th-header-wrap\">\n        <div class=\"elementor-icon-box-wrapper th-show-icon\">\n                            <div class=\"elementor-icon-box-icon th-icon-size-lg\">\n                    <span class=\"elementor-icon \">\n                        <svg aria-hidden=\"true\" class=\"e-font-icon-svg e-fas-heart\" viewBox=\"0 0 512 512\" xmlns=\"http:\/\/www.w3.org\/2000\/svg\"><path d=\"M462.3 62.6C407.5 15.9 326 24.3 275.7 76.2L256 96.5l-19.7-20.3C186.1 24.3 104.5 15.9 49.7 62.6c-62.8 53.6-66.1 149.8-9.9 207.9l193.5 199.8c12.5 12.9 32.8 12.9 45.3 0l193.5-199.8c56.3-58.1 53-154.3-9.8-207.9z\"><\/path><\/svg>                    <\/span>\n                <\/div>\n                                <div class=\"elementor-icon-box-content\">\n                    <h1 class=\"elementor-icon-box-title\">\n                        Coraz\u00f3n del Ebro                    <\/h1>\n                                            <span class=\"th-header-divider\"><\/span>\n                                        <p class=\"elementor-icon-box-description\">Benifallet goza de una ubicaci\u00f3n privilegiada dentro de las Terres de l'Ebre, convirti\u00e9ndose en un punto estrat\u00e9gico para explorar todos los espacios de inter\u00e9s tur\u00edstico y natural de la zona. Desde Benifallet podr\u00e1s desplazarte por las Terres de l'Ebre sin tener que hacer largos desplazamientos.  \n\nLas Terres de l\u00b4Ebre son una regi\u00f3n de gran riqueza paisaj\u00edstica y cultural situada en el sur de Catalu\u00f1a. Desde Benifallet, podr\u00e1s acceder f\u00e1cilmente a todos los atractivos tur\u00edsticos que esta regi\u00f3n tiene por ofrecer. Podr\u00e1s explorar el Parque Natural del Delta del Ebro o el de los Puertos de Tortosa - Beceite a menos de cuarenta y cinco minutos. Adem\u00e1s, se encuentra a pocos kil\u00f3metros de la Costa Dorada, famosa por sus hermosas playas y su animada vida nocturna. Y no podemos olvidar el encanto de los pueblos tradicionales de las Terres de l'Ebre, como Tortosa, Miravet o Horta de Sant Joan. Si te desplazas en coche, Benifallet est\u00e1 a dos horas de ciudades como Barcelona o Zaragoza, ya una hora de Tarragona, L\u00e9rida, Alca\u00f1iz o Pe\u00f1\u00edscola.  \n\nAqu\u00ed encontrar\u00e1s toda la informaci\u00f3n que necesitas para planificar tu visita a esta fascinante regi\u00f3n Reserva de la Biosfera desde 2013. Esperamos que disfrutes de tu estancia y te invitamos a descubrir Benifallet y las Terres de l'Ebre desde el coraz\u00f3n mismo de todas las atracciones tur\u00edsticas.  <b>\u00a1Te invitamos a empezar tu aventura por las Terres de l'Ebre desde Benifallet!<\/b>\n<\/p>\n\n                                    <\/div>\n            <\/div>\n\n        <\/div>\n\n\t\t\t\t\t\t<\/div>\n\t\t\t\t<\/div>\n\t\t\t\t<div class=\"elementor-element elementor-element-dc61956 elementor-widget elementor-widget-spacer\" data-id=\"dc61956\" data-element_type=\"widget\" data-e-type=\"widget\" data-widget_type=\"spacer.default\">\n\t\t\t\t\t\t\t<div class=\"elementor-spacer\">\n\t\t\t<div class=\"elementor-spacer-inner\"><\/div>\n\t\t<\/div>\n\t\t\t\t\t\t<\/div>\n\t\t\t\t\t<\/div>\n\t\t<\/div>\n\t\t\t\t\t<\/div>\n\t\t<\/section>\n\t\t\t\t<section class=\"elementor-section elementor-top-section elementor-element elementor-element-b0d99a2 elementor-section-full_width elementor-section-height-default elementor-section-height-default\" data-id=\"b0d99a2\" data-element_type=\"section\" data-e-type=\"section\">\n\t\t\t\t\t\t<div class=\"elementor-container elementor-column-gap-default\">\n\t\t\t\t\t<div class=\"elementor-column elementor-col-50 elementor-top-column elementor-element elementor-element-db72a60\" data-id=\"db72a60\" data-element_type=\"column\" data-e-type=\"column\" data-settings=\"{&quot;background_background&quot;:&quot;classic&quot;}\">\n\t\t\t<div class=\"elementor-widget-wrap elementor-element-populated\">\n\t\t\t\t\t\t<div class=\"elementor-element elementor-element-14761ef elementor-position-left elementor-view-default elementor-widget elementor-widget-themo-header\" data-id=\"14761ef\" data-element_type=\"widget\" data-e-type=\"widget\" data-widget_type=\"themo-header.default\">\n\t\t\t\t<div class=\"elementor-widget-container\">\n\t\t\t\t\t\t\t<div class=\"th-header-wrap\">\n        <div class=\"elementor-icon-box-wrapper \">\n                            <div class=\"elementor-icon-box-content\">\n                    <h2 class=\"elementor-icon-box-title\">\n                        Latir                    <\/h2>\n                                        <p class=\"elementor-icon-box-description\">Los latidos revelan que el coraz\u00f3n est\u00e1 en funcionamiento. Y el Coraz\u00f3n del Ebro funciona igual, late porque est\u00e1 vivo y as\u00ed ser\u00e1 hasta que dejemos que lo que somos, lo que conforma nuestra identidad, se pierda.  \nEl Ayuntamiento de Benifallet lleva muchos a\u00f1os trabajando para que nuestro pueblo nunca deje de latir, \u00bfquieres saber c\u00f3mo?  <\/p>\n\n                                            <div class=\"th-btn-wrap\">\n                                                            <a class=\"btn-1 btn th-btn btn-standard-accent\" href=\"https:\/\/turismebenifallet.cat\/batega\/\">\n                                                                            Saber m\u00e1s                                                                    <\/a>\n                            \n                                                    <\/div>\n                                    <\/div>\n            <\/div>\n\n        <\/div>\n\n\t\t\t\t\t\t<\/div>\n\t\t\t\t<\/div>\n\t\t\t\t\t<\/div>\n\t\t<\/div>\n\t\t\t\t<div class=\"elementor-column elementor-col-50 elementor-top-column elementor-element elementor-element-ca50c60\" data-id=\"ca50c60\" data-element_type=\"column\" data-e-type=\"column\" data-settings=\"{&quot;background_background&quot;:&quot;classic&quot;}\">\n\t\t\t<div class=\"elementor-widget-wrap elementor-element-populated\">\n\t\t\t\t\t\t<div class=\"elementor-element elementor-element-e892546 elementor-widget elementor-widget-spacer\" data-id=\"e892546\" data-element_type=\"widget\" data-e-type=\"widget\" data-widget_type=\"spacer.default\">\n\t\t\t\t\t\t\t<div class=\"elementor-spacer\">\n\t\t\t<div class=\"elementor-spacer-inner\"><\/div>\n\t\t<\/div>\n\t\t\t\t\t\t<\/div>\n\t\t\t\t\t<\/div>\n\t\t<\/div>\n\t\t\t\t\t<\/div>\n\t\t<\/section>\n\t\t\t\t<section class=\"elementor-section elementor-top-section elementor-element elementor-element-c3adb9b elementor-section-full_width elementor-reverse-mobile elementor-section-height-default elementor-section-height-default\" data-id=\"c3adb9b\" data-element_type=\"section\" data-e-type=\"section\">\n\t\t\t\t\t\t<div class=\"elementor-container elementor-column-gap-default\">\n\t\t\t\t\t<div class=\"elementor-column elementor-col-50 elementor-top-column elementor-element elementor-element-509a51e\" data-id=\"509a51e\" data-element_type=\"column\" data-e-type=\"column\" data-settings=\"{&quot;background_background&quot;:&quot;classic&quot;}\">\n\t\t\t<div class=\"elementor-widget-wrap elementor-element-populated\">\n\t\t\t\t\t\t<div class=\"elementor-element elementor-element-69b4e5f elementor-widget elementor-widget-spacer\" data-id=\"69b4e5f\" data-element_type=\"widget\" data-e-type=\"widget\" data-widget_type=\"spacer.default\">\n\t\t\t\t\t\t\t<div class=\"elementor-spacer\">\n\t\t\t<div class=\"elementor-spacer-inner\"><\/div>\n\t\t<\/div>\n\t\t\t\t\t\t<\/div>\n\t\t\t\t\t<\/div>\n\t\t<\/div>\n\t\t\t\t<div class=\"elementor-column elementor-col-50 elementor-top-column elementor-element elementor-element-16df9a5\" data-id=\"16df9a5\" data-element_type=\"column\" data-e-type=\"column\" data-settings=\"{&quot;background_background&quot;:&quot;classic&quot;}\">\n\t\t\t<div class=\"elementor-widget-wrap elementor-element-populated\">\n\t\t\t\t\t\t<div class=\"elementor-element elementor-element-fc24830 elementor-position-left elementor-view-default elementor-widget elementor-widget-themo-header\" data-id=\"fc24830\" data-element_type=\"widget\" data-e-type=\"widget\" data-widget_type=\"themo-header.default\">\n\t\t\t\t<div class=\"elementor-widget-container\">\n\t\t\t\t\t\t\t<div class=\"th-header-wrap\">\n        <div class=\"elementor-icon-box-wrapper \">\n                            <div class=\"elementor-icon-box-content\">\n                    <h2 class=\"elementor-icon-box-title\">\n                        Emoci\u00f3nate                    <\/h2>\n                                        <p class=\"elementor-icon-box-description\">El coraz\u00f3n es la orquesta de las emociones que sentimos cuando nos sumergimos en una gastronom\u00eda rica y variada, participamos en cualquiera de las fiestas llenas de color y alegr\u00eda que celebramos en Benifallet, pero sobre todo de las que sentimos cuando compartimos historias con la comunidad.  \nVen a Benifallet y deja que cada momento aqu\u00ed te cautive y te emocione.<\/p>\n\n                                            <div class=\"th-btn-wrap\">\n                                                            <a class=\"btn-1 btn th-btn btn-standard-accent\" href=\"https:\/\/turismebenifallet.cat\/emocionat\/\">\n                                                                            Saber m\u00e1s                                                                    <\/a>\n                            \n                                                    <\/div>\n                                    <\/div>\n            <\/div>\n\n        <\/div>\n\n\t\t\t\t\t\t<\/div>\n\t\t\t\t<\/div>\n\t\t\t\t\t<\/div>\n\t\t<\/div>\n\t\t\t\t\t<\/div>\n\t\t<\/section>\n\t\t\t\t<section class=\"elementor-section elementor-top-section elementor-element elementor-element-6a8115a elementor-section-full_width elementor-section-height-default elementor-section-height-default\" data-id=\"6a8115a\" data-element_type=\"section\" data-e-type=\"section\">\n\t\t\t\t\t\t<div class=\"elementor-container elementor-column-gap-default\">\n\t\t\t\t\t<div class=\"elementor-column elementor-col-50 elementor-top-column elementor-element elementor-element-db08f7e\" data-id=\"db08f7e\" data-element_type=\"column\" data-e-type=\"column\" data-settings=\"{&quot;background_background&quot;:&quot;classic&quot;}\">\n\t\t\t<div class=\"elementor-widget-wrap elementor-element-populated\">\n\t\t\t\t\t\t<div class=\"elementor-element elementor-element-c10ef4e elementor-position-left elementor-view-default elementor-widget elementor-widget-themo-header\" data-id=\"c10ef4e\" data-element_type=\"widget\" data-e-type=\"widget\" data-widget_type=\"themo-header.default\">\n\t\t\t\t<div class=\"elementor-widget-container\">\n\t\t\t\t\t\t\t<div class=\"th-header-wrap\">\n        <div class=\"elementor-icon-box-wrapper \">\n                            <div class=\"elementor-icon-box-content\">\n                    <h2 class=\"elementor-icon-box-title\">\n                        Vive                    <\/h2>\n                                        <p class=\"elementor-icon-box-description\">Si has o\u00eddo el latido de tu coraz\u00f3n al ver todo lo que te ofrece Benifallet y te has emocionado con su gente, ha llegado la hora de que te decidas vivirlo. Ven a Benifallet y vive la experiencia de ser una m\u00e1s, uno m\u00e1s.  <\/p>\n\n                                            <div class=\"th-btn-wrap\">\n                                                            <a class=\"btn-1 btn th-btn btn-standard-accent\" href=\"https:\/\/turismebenifallet.cat\/viu\/\">\n                                                                            Vengo                                                                      <\/a>\n                            \n                                                    <\/div>\n                                    <\/div>\n            <\/div>\n\n        <\/div>\n\n\t\t\t\t\t\t<\/div>\n\t\t\t\t<\/div>\n\t\t\t\t\t<\/div>\n\t\t<\/div>\n\t\t\t\t<div class=\"elementor-column elementor-col-50 elementor-top-column elementor-element elementor-element-69e3aee\" data-id=\"69e3aee\" data-element_type=\"column\" data-e-type=\"column\" data-settings=\"{&quot;background_background&quot;:&quot;classic&quot;}\">\n\t\t\t<div class=\"elementor-widget-wrap elementor-element-populated\">\n\t\t\t\t\t\t<div class=\"elementor-element elementor-element-77b64fb elementor-widget elementor-widget-spacer\" data-id=\"77b64fb\" data-element_type=\"widget\" data-e-type=\"widget\" data-widget_type=\"spacer.default\">\n\t\t\t\t\t\t\t<div class=\"elementor-spacer\">\n\t\t\t<div class=\"elementor-spacer-inner\"><\/div>\n\t\t<\/div>\n\t\t\t\t\t\t<\/div>\n\t\t\t\t\t<\/div>\n\t\t<\/div>\n\t\t\t\t\t<\/div>\n\t\t<\/section>\n\t\t\t\t<section class=\"elementor-section elementor-top-section elementor-element elementor-element-99f9dd0 elementor-section-boxed elementor-section-height-default elementor-section-height-default\" data-id=\"99f9dd0\" data-element_type=\"section\" data-e-type=\"section\">\n\t\t\t\t\t\t<div class=\"elementor-container elementor-column-gap-default\">\n\t\t\t\t\t<div class=\"elementor-column elementor-col-100 elementor-top-column elementor-element elementor-element-b01bc0b\" data-id=\"b01bc0b\" data-element_type=\"column\" data-e-type=\"column\">\n\t\t\t<div class=\"elementor-widget-wrap\">\n\t\t\t\t\t\t\t<\/div>\n\t\t<\/div>\n\t\t\t\t\t<\/div>\n\t\t<\/section>\n\t\t\t\t<section class=\"elementor-section elementor-top-section elementor-element elementor-element-731b1ba elementor-section-boxed elementor-section-height-default elementor-section-height-default\" data-id=\"731b1ba\" data-element_type=\"section\" data-e-type=\"section\" data-settings=\"{&quot;background_background&quot;:&quot;classic&quot;}\">\n\t\t\t\t\t\t<div class=\"elementor-container elementor-column-gap-default\">\n\t\t\t\t\t<div class=\"elementor-column elementor-col-100 elementor-top-column elementor-element elementor-element-59e44d1\" data-id=\"59e44d1\" data-element_type=\"column\" data-e-type=\"column\">\n\t\t\t<div class=\"elementor-widget-wrap elementor-element-populated\">\n\t\t\t\t\t\t<div class=\"elementor-element elementor-element-5bf992e elementor-widget elementor-widget-themo-call-to-action\" data-id=\"5bf992e\" data-element_type=\"widget\" data-e-type=\"widget\" data-widget_type=\"themo-call-to-action.default\">\n\t\t\t\t<div class=\"elementor-widget-container\">\n\t\t\t\t\t\t\t<div class=\"th-cta\">\n\t\t\t\t\t        <div class=\"th-cta-text\">\n\t\t            <span>\u00bfQuieres saber qu\u00e9 m\u00e1s hacer en Benifallet aparte de visitar las Cuevas o pasear con el Llagut? Descubre una amplia oferta de actividades para p\u00fablicos y presupuestos diversos. <\/span>\n\t\t        <\/div>\n\t\t    \n                        <div class=\"th-cta-btn\">\n\n                                    <a class=\"btn-1 btn th-btn btn-standard-accent\" href=\"https:\/\/turismebenifallet.cat\/viu\/\">\n                                                    \u00a1Por supuesto!                                            <\/a>\n                \n                            <\/div>\n            \t\t<\/div>\n\t\t\t\t\t\t<\/div>\n\t\t\t\t<\/div>\n\t\t\t\t\t<\/div>\n\t\t<\/div>\n\t\t\t\t\t<\/div>\n\t\t<\/section>\n\t\t<div class=\"elementor-element elementor-element-36e941b e-flex e-con-boxed e-con e-parent\" data-id=\"36e941b\" data-element_type=\"container\" data-e-type=\"container\">\n\t\t\t\t\t<div class=\"e-con-inner\">\n\t\t\t\t<div class=\"elementor-element elementor-element-95f4799 elementor-widget elementor-widget-spacer\" data-id=\"95f4799\" data-element_type=\"widget\" data-e-type=\"widget\" data-widget_type=\"spacer.default\">\n\t\t\t\t\t\t\t<div class=\"elementor-spacer\">\n\t\t\t<div class=\"elementor-spacer-inner\"><\/div>\n\t\t<\/div>\n\t\t\t\t\t\t<\/div>\n\t\t\t\t\t<\/div>\n\t\t\t\t<\/div>\n\t\t\t\t<section class=\"elementor-section elementor-top-section elementor-element elementor-element-fd74d05 elementor-section-boxed elementor-section-height-default elementor-section-height-default\" data-id=\"fd74d05\" data-element_type=\"section\" data-e-type=\"section\" data-settings=\"{&quot;background_background&quot;:&quot;classic&quot;}\">\n\t\t\t\t\t\t\t<div class=\"elementor-background-overlay\"><\/div>\n\t\t\t\t\t\t\t<div class=\"elementor-container elementor-column-gap-default\">\n\t\t\t\t\t<div class=\"elementor-column elementor-col-100 elementor-top-column elementor-element elementor-element-e5ee2ef\" data-id=\"e5ee2ef\" data-element_type=\"column\" data-e-type=\"column\">\n\t\t\t<div class=\"elementor-widget-wrap elementor-element-populated\">\n\t\t\t\t\t\t<div class=\"elementor-element elementor-element-bb41014 elementor-widget elementor-widget-spacer\" data-id=\"bb41014\" data-element_type=\"widget\" data-e-type=\"widget\" data-widget_type=\"spacer.default\">\n\t\t\t\t\t\t\t<div class=\"elementor-spacer\">\n\t\t\t<div class=\"elementor-spacer-inner\"><\/div>\n\t\t<\/div>\n\t\t\t\t\t\t<\/div>\n\t\t\t\t<div class=\"elementor-element elementor-element-17147ec elementor-widget elementor-widget-themo-info-card\" data-id=\"17147ec\" data-element_type=\"widget\" data-e-type=\"widget\" data-widget_type=\"themo-info-card.default\">\n\t\t\t\t<div class=\"elementor-widget-container\">\n\t\t\t\t\t\t\t<div class=\"th-info-card-wrap\">\n            <div class=\"elementor-icon-box-wrapper\">\n                <div class=\"elementor-icon-box-content\">\n                    <h3 class=\"elementor-icon-box-title\">Ruta autoguiada con C\u00f3digos QR<\/h3>\n                    <p class=\"elementor-icon-box-description\">Si eres de los que te gusta pasear por los lugares que visitas, hablar con la gente que vive all\u00ed, conocer m\u00e1s sobre su arquitectura, su historia y su gente, \u00a1esta ruta es perfecta para ti!.<\/p>\n                <\/div>\n                                <div class=\"th-btn-wrap\">\n                                            <a class=\"th-btn-1\" href=\"https:\/\/turismebenifallet.cat\/tour\/visita-autoguiada-qr\/\">\n                                                            Saber m\u00e1s                                                    <\/a>\n                    \n                                    <\/div>\n                            <\/div>\n        <\/div>\n\n\t\t\t\t\t\t<\/div>\n\t\t\t\t<\/div>\n\t\t\t\t<div class=\"elementor-element elementor-element-809708b elementor-widget elementor-widget-spacer\" data-id=\"809708b\" data-element_type=\"widget\" data-e-type=\"widget\" data-widget_type=\"spacer.default\">\n\t\t\t\t\t\t\t<div class=\"elementor-spacer\">\n\t\t\t<div class=\"elementor-spacer-inner\"><\/div>\n\t\t<\/div>\n\t\t\t\t\t\t<\/div>\n\t\t\t\t\t<\/div>\n\t\t<\/div>\n\t\t\t\t\t<\/div>\n\t\t<\/section>\n\t\t\t\t<section class=\"elementor-section elementor-top-section elementor-element elementor-element-183314b elementor-section-full_width elementor-section-height-default elementor-section-height-default\" data-id=\"183314b\" data-element_type=\"section\" data-e-type=\"section\">\n\t\t\t\t\t\t\t<div class=\"elementor-background-overlay\"><\/div>\n\t\t\t\t\t\t\t<div class=\"elementor-container elementor-column-gap-default\">\n\t\t\t\t\t<div class=\"elementor-column elementor-col-33 elementor-top-column elementor-element elementor-element-b58264f\" data-id=\"b58264f\" data-element_type=\"column\" data-e-type=\"column\">\n\t\t\t<div class=\"elementor-widget-wrap elementor-element-populated\">\n\t\t\t\t\t\t<div class=\"elementor-element elementor-element-2e46890 elementor-widget elementor-widget-heading\" data-id=\"2e46890\" data-element_type=\"widget\" data-e-type=\"widget\" data-widget_type=\"heading.default\">\n\t\t\t\t\t<h5 class=\"elementor-heading-title elementor-size-default\">Oficina de Turismo de Benifallet<\/h5>\t\t\t\t<\/div>\n\t\t\t\t<div class=\"elementor-element elementor-element-732025d elementor-widget elementor-widget-text-editor\" data-id=\"732025d\" data-element_type=\"widget\" data-e-type=\"widget\" data-widget_type=\"text-editor.default\">\n\t\t\t\t\t\t\t\t\t<p>Av. Llu\u00eds Companys, 6 &#8211; Benifallet <\/p><p><a href=\"http:\/\/Tel.977462334\">Tel. 977 462 334 977 462 334<\/a><\/p><h5><span style=\"color: #333333;\"><strong>HORARIO<\/strong><\/span><\/h5><ul><li><strong>TEMPORADA BAJA<\/strong> | De lunes a viernes, de 9 a 14 h.<\/li><li><strong>TEMPORADA MEDIA<\/strong> <em>(Semana Santa hasta San Juan)<\/em> | De lunes a viernes, de 9 a 14 h. y los fines de semana y festivos, 10 a 13:30 y de 15:30 a 18:30 h. <\/li><li><strong>TEMPORADA ALTA<\/strong> <em>(junio &#8211; septiembre<\/em>) | De lunes a domingo, de 10 a 13:30 h y de 15:30 a 18:30 h. <\/li><\/ul>\t\t\t\t\t\t\t\t<\/div>\n\t\t\t\t\t<\/div>\n\t\t<\/div>\n\t\t\t\t<div class=\"elementor-column elementor-col-66 elementor-top-column elementor-element elementor-element-3251b2d\" data-id=\"3251b2d\" data-element_type=\"column\" data-e-type=\"column\">\n\t\t\t<div class=\"elementor-widget-wrap elementor-element-populated\">\n\t\t\t\t\t\t<div class=\"elementor-element elementor-element-7e4c1a7 elementor-widget__width-initial elementor-widget elementor-widget-google_maps\" data-id=\"7e4c1a7\" data-element_type=\"widget\" data-e-type=\"widget\" data-widget_type=\"google_maps.default\">\n\t\t\t\t\t\t\t<div class=\"elementor-custom-embed\">\n\t\t\t<iframe loading=\"lazy\"\n\t\t\t\t\tsrc=\"https:\/\/maps.google.com\/maps?q=Benifallet%2C%20Av.%20Llu%C3%ADs%20Companys%2C%206&#038;t=m&#038;z=17&#038;output=embed&#038;iwloc=near\"\n\t\t\t\t\ttitle=\"Benifallet, Av. Llu\u00eds Companys, 6\"\n\t\t\t\t\taria-label=\"Benifallet, Av. Llu\u00eds Companys, 6\"\n\t\t\t><\/iframe>\n\t\t<\/div>\n\t\t\t\t\t\t<\/div>\n\t\t\t\t\t<\/div>\n\t\t<\/div>\n\t\t\t\t\t<\/div>\n\t\t<\/section>\n\t\t<div class=\"elementor-element elementor-element-3e6cbed e-flex e-con-boxed e-con e-parent\" data-id=\"3e6cbed\" data-element_type=\"container\" data-e-type=\"container\">\n\t\t\t\t\t<div class=\"e-con-inner\">\n\t\t\t\t<div class=\"elementor-element elementor-element-84cd5f7 elementor-widget elementor-widget-spacer\" data-id=\"84cd5f7\" data-element_type=\"widget\" data-e-type=\"widget\" data-widget_type=\"spacer.default\">\n\t\t\t\t\t\t\t<div class=\"elementor-spacer\">\n\t\t\t<div class=\"elementor-spacer-inner\"><\/div>\n\t\t<\/div>\n\t\t\t\t\t\t<\/div>\n\t\t\t\t<div class=\"elementor-element elementor-element-2b6eb56 elementor-widget elementor-widget-text-editor\" data-id=\"2b6eb56\" data-element_type=\"widget\" data-e-type=\"widget\" data-widget_type=\"text-editor.default\">\n\t\t\t\t\t\t\t\t\t<p><strong>Entidades colaboradoras:<\/strong><\/p>\t\t\t\t\t\t\t\t<\/div>\n\t\t\t\t\t<\/div>\n\t\t\t\t<\/div>\n\t\t<div class=\"elementor-element elementor-element-505f370 e-grid e-con-boxed e-con e-parent\" data-id=\"505f370\" data-element_type=\"container\" data-e-type=\"container\">\n\t\t\t\t\t<div class=\"e-con-inner\">\n\t\t\t\t<div class=\"elementor-element elementor-element-dff48db elementor-widget elementor-widget-image\" data-id=\"dff48db\" data-element_type=\"widget\" data-e-type=\"widget\" data-widget_type=\"image.default\">\n\t\t\t\t\t\t\t\t\t\t\t\t\t\t\t<img fetchpriority=\"high\" decoding=\"async\" width=\"1000\" height=\"500\" src=\"https:\/\/turismebenifallet.cat\/wp-content\/uploads\/2024\/05\/mitja\u2013color-1.jpg\" class=\"attachment-large size-large wp-image-11567\" alt=\"\" srcset=\"https:\/\/turismebenifallet.cat\/wp-content\/uploads\/2024\/05\/mitja\u2013color-1.jpg 1000w, https:\/\/turismebenifallet.cat\/wp-content\/uploads\/2024\/05\/mitja\u2013color-1-300x150.jpg 300w, https:\/\/turismebenifallet.cat\/wp-content\/uploads\/2024\/05\/mitja\u2013color-1-768x384.jpg 768w, https:\/\/turismebenifallet.cat\/wp-content\/uploads\/2024\/05\/mitja\u2013color-1-166x83.jpg 166w, https:\/\/turismebenifallet.cat\/wp-content\/uploads\/2024\/05\/mitja\u2013color-1-160x80.jpg 160w, https:\/\/turismebenifallet.cat\/wp-content\/uploads\/2024\/05\/mitja\u2013color-1-394x197.jpg 394w, https:\/\/turismebenifallet.cat\/wp-content\/uploads\/2024\/05\/mitja\u2013color-1-915x458.jpg 915w, https:\/\/turismebenifallet.cat\/wp-content\/uploads\/2024\/05\/mitja\u2013color-1-600x300.jpg 600w\" sizes=\"(max-width: 1000px) 100vw, 1000px\" \/>\t\t\t\t\t\t\t\t\t\t\t\t\t\t\t<\/div>\n\t\t\t\t<div class=\"elementor-element elementor-element-cc84e85 elementor-widget elementor-widget-image\" data-id=\"cc84e85\" data-element_type=\"widget\" data-e-type=\"widget\" data-widget_type=\"image.default\">\n\t\t\t\t\t\t\t\t\t\t\t\t\t\t\t<img decoding=\"async\" width=\"99\" height=\"110\" src=\"https:\/\/turismebenifallet.cat\/wp-content\/uploads\/2025\/01\/cuevas-turisticas-de-Espana-1.webp\" class=\"attachment-large size-large wp-image-18069\" alt=\"\" srcset=\"https:\/\/turismebenifallet.cat\/wp-content\/uploads\/2025\/01\/cuevas-turisticas-de-Espana-1.webp 99w, https:\/\/turismebenifallet.cat\/wp-content\/uploads\/2025\/01\/cuevas-turisticas-de-Espana-1-75x83.webp 75w, https:\/\/turismebenifallet.cat\/wp-content\/uploads\/2025\/01\/cuevas-turisticas-de-Espana-1-72x80.webp 72w\" sizes=\"(max-width: 99px) 100vw, 99px\" \/>\t\t\t\t\t\t\t\t\t\t\t\t\t\t\t<\/div>\n\t\t\t\t<div class=\"elementor-element elementor-element-a44acf4 elementor-widget elementor-widget-image\" data-id=\"a44acf4\" data-element_type=\"widget\" data-e-type=\"widget\" data-widget_type=\"image.default\">\n\t\t\t\t\t\t\t\t\t\t\t\t\t\t\t<img decoding=\"async\" width=\"407\" height=\"124\" src=\"https:\/\/turismebenifallet.cat\/wp-content\/uploads\/2025\/01\/ccma-1.webp\" class=\"attachment-large size-large wp-image-18065\" alt=\"\" srcset=\"https:\/\/turismebenifallet.cat\/wp-content\/uploads\/2025\/01\/ccma-1.webp 407w, https:\/\/turismebenifallet.cat\/wp-content\/uploads\/2025\/01\/ccma-1-300x91.webp 300w, https:\/\/turismebenifallet.cat\/wp-content\/uploads\/2025\/01\/ccma-1-272x83.webp 272w, https:\/\/turismebenifallet.cat\/wp-content\/uploads\/2025\/01\/ccma-1-263x80.webp 263w, https:\/\/turismebenifallet.cat\/wp-content\/uploads\/2025\/01\/ccma-1-394x120.webp 394w\" sizes=\"(max-width: 407px) 100vw, 407px\" \/>\t\t\t\t\t\t\t\t\t\t\t\t\t\t\t<\/div>\n\t\t\t\t<div class=\"elementor-element elementor-element-44d47cb elementor-widget elementor-widget-image\" data-id=\"44d47cb\" data-element_type=\"widget\" data-e-type=\"widget\" data-widget_type=\"image.default\">\n\t\t\t\t\t\t\t\t\t\t\t\t\t\t\t<img loading=\"lazy\" decoding=\"async\" width=\"80\" height=\"82\" src=\"https:\/\/turismebenifallet.cat\/wp-content\/uploads\/2025\/01\/reserva-de-la-biosfera.webp\" class=\"attachment-thumbnail size-thumbnail wp-image-17993\" alt=\"\" srcset=\"https:\/\/turismebenifallet.cat\/wp-content\/uploads\/2025\/01\/reserva-de-la-biosfera.webp 80w, https:\/\/turismebenifallet.cat\/wp-content\/uploads\/2025\/01\/reserva-de-la-biosfera-78x80.png 78w\" sizes=\"(max-width: 80px) 100vw, 80px\" \/>\t\t\t\t\t\t\t\t\t\t\t\t\t\t\t<\/div>\n\t\t\t\t<div class=\"elementor-element elementor-element-a1d3f3d elementor-widget elementor-widget-image\" data-id=\"a1d3f3d\" data-element_type=\"widget\" data-e-type=\"widget\" data-widget_type=\"image.default\">\n\t\t\t\t\t\t\t\t\t\t\t\t\t\t\t<img loading=\"lazy\" decoding=\"async\" width=\"225\" height=\"225\" src=\"https:\/\/turismebenifallet.cat\/wp-content\/uploads\/2025\/01\/club-la-Vanguardia-1.webp\" class=\"attachment-large size-large wp-image-18061\" alt=\"\" srcset=\"https:\/\/turismebenifallet.cat\/wp-content\/uploads\/2025\/01\/club-la-Vanguardia-1.webp 225w, https:\/\/turismebenifallet.cat\/wp-content\/uploads\/2025\/01\/club-la-Vanguardia-1-150x150.webp 150w, https:\/\/turismebenifallet.cat\/wp-content\/uploads\/2025\/01\/club-la-Vanguardia-1-83x83.webp 83w, https:\/\/turismebenifallet.cat\/wp-content\/uploads\/2025\/01\/club-la-Vanguardia-1-80x80.webp 80w\" sizes=\"(max-width: 225px) 100vw, 225px\" \/>\t\t\t\t\t\t\t\t\t\t\t\t\t\t\t<\/div>\n\t\t\t\t<div class=\"elementor-element elementor-element-7070049 elementor-widget elementor-widget-image\" data-id=\"7070049\" data-element_type=\"widget\" data-e-type=\"widget\" data-widget_type=\"image.default\">\n\t\t\t\t\t\t\t\t\t\t\t\t\t\t\t<img loading=\"lazy\" decoding=\"async\" width=\"1024\" height=\"471\" src=\"https:\/\/turismebenifallet.cat\/wp-content\/uploads\/2025\/01\/consell-comarcal-a-color-7-1024x471.png\" class=\"attachment-large size-large wp-image-18039\" alt=\"\" srcset=\"https:\/\/turismebenifallet.cat\/wp-content\/uploads\/2025\/01\/consell-comarcal-a-color-7-1024x471.png 1024w, https:\/\/turismebenifallet.cat\/wp-content\/uploads\/2025\/01\/consell-comarcal-a-color-7-300x138.png 300w, https:\/\/turismebenifallet.cat\/wp-content\/uploads\/2025\/01\/consell-comarcal-a-color-7-768x353.png 768w, https:\/\/turismebenifallet.cat\/wp-content\/uploads\/2025\/01\/consell-comarcal-a-color-7-1536x707.png 1536w, https:\/\/turismebenifallet.cat\/wp-content\/uploads\/2025\/01\/consell-comarcal-a-color-7-2048x942.png 2048w, https:\/\/turismebenifallet.cat\/wp-content\/uploads\/2025\/01\/consell-comarcal-a-color-7-180x83.png 180w, https:\/\/turismebenifallet.cat\/wp-content\/uploads\/2025\/01\/consell-comarcal-a-color-7-174x80.png 174w, https:\/\/turismebenifallet.cat\/wp-content\/uploads\/2025\/01\/consell-comarcal-a-color-7-394x181.png 394w, https:\/\/turismebenifallet.cat\/wp-content\/uploads\/2025\/01\/consell-comarcal-a-color-7-915x421.png 915w, https:\/\/turismebenifallet.cat\/wp-content\/uploads\/2025\/01\/consell-comarcal-a-color-7-1240x570.png 1240w, https:\/\/turismebenifallet.cat\/wp-content\/uploads\/2025\/01\/consell-comarcal-a-color-7-1920x883.png 1920w\" sizes=\"(max-width: 1024px) 100vw, 1024px\" \/>\t\t\t\t\t\t\t\t\t\t\t\t\t\t\t<\/div>\n\t\t\t\t<div class=\"elementor-element elementor-element-732e218 elementor-widget elementor-widget-image\" data-id=\"732e218\" data-element_type=\"widget\" data-e-type=\"widget\" data-widget_type=\"image.default\">\n\t\t\t\t\t\t\t\t\t\t\t\t\t\t\t<img loading=\"lazy\" decoding=\"async\" width=\"574\" height=\"314\" src=\"https:\/\/turismebenifallet.cat\/wp-content\/uploads\/2025\/01\/PT_DIPTA_V_col-1.webp\" class=\"attachment-large size-large wp-image-18011\" alt=\"\" srcset=\"https:\/\/turismebenifallet.cat\/wp-content\/uploads\/2025\/01\/PT_DIPTA_V_col-1.webp 574w, https:\/\/turismebenifallet.cat\/wp-content\/uploads\/2025\/01\/PT_DIPTA_V_col-1-300x164.webp 300w, https:\/\/turismebenifallet.cat\/wp-content\/uploads\/2025\/01\/PT_DIPTA_V_col-1-152x83.webp 152w, https:\/\/turismebenifallet.cat\/wp-content\/uploads\/2025\/01\/PT_DIPTA_V_col-1-146x80.webp 146w, https:\/\/turismebenifallet.cat\/wp-content\/uploads\/2025\/01\/PT_DIPTA_V_col-1-394x216.jpeg 394w\" sizes=\"(max-width: 574px) 100vw, 574px\" \/>\t\t\t\t\t\t\t\t\t\t\t\t\t\t\t<\/div>\n\t\t\t\t<div class=\"elementor-element elementor-element-aa0d6ea elementor-widget elementor-widget-image\" data-id=\"aa0d6ea\" data-element_type=\"widget\" data-e-type=\"widget\" data-widget_type=\"image.default\">\n\t\t\t\t\t\t\t\t\t\t\t\t\t\t\t<img loading=\"lazy\" decoding=\"async\" width=\"318\" height=\"158\" src=\"https:\/\/turismebenifallet.cat\/wp-content\/uploads\/2025\/01\/logotip-super-3-1.webp\" class=\"attachment-large size-large wp-image-18057\" alt=\"\" srcset=\"https:\/\/turismebenifallet.cat\/wp-content\/uploads\/2025\/01\/logotip-super-3-1.webp 318w, https:\/\/turismebenifallet.cat\/wp-content\/uploads\/2025\/01\/logotip-super-3-1-300x149.webp 300w, https:\/\/turismebenifallet.cat\/wp-content\/uploads\/2025\/01\/logotip-super-3-1-167x83.webp 167w, https:\/\/turismebenifallet.cat\/wp-content\/uploads\/2025\/01\/logotip-super-3-1-161x80.webp 161w\" sizes=\"(max-width: 318px) 100vw, 318px\" \/>\t\t\t\t\t\t\t\t\t\t\t\t\t\t\t<\/div>\n\t\t\t\t<div class=\"elementor-element elementor-element-857c587 elementor-widget elementor-widget-image\" data-id=\"857c587\" data-element_type=\"widget\" data-e-type=\"widget\" data-widget_type=\"image.default\">\n\t\t\t\t\t\t\t\t\t\t\t\t\t\t\t<img loading=\"lazy\" decoding=\"async\" width=\"199\" height=\"198\" src=\"https:\/\/turismebenifallet.cat\/wp-content\/uploads\/2025\/01\/Catalunya-Film-Commission-1.webp\" class=\"attachment-large size-large wp-image-18073\" alt=\"\" srcset=\"https:\/\/turismebenifallet.cat\/wp-content\/uploads\/2025\/01\/Catalunya-Film-Commission-1.webp 199w, https:\/\/turismebenifallet.cat\/wp-content\/uploads\/2025\/01\/Catalunya-Film-Commission-1-150x150.webp 150w, https:\/\/turismebenifallet.cat\/wp-content\/uploads\/2025\/01\/Catalunya-Film-Commission-1-83x83.webp 83w, https:\/\/turismebenifallet.cat\/wp-content\/uploads\/2025\/01\/Catalunya-Film-Commission-1-80x80.webp 80w\" sizes=\"(max-width: 199px) 100vw, 199px\" \/>\t\t\t\t\t\t\t\t\t\t\t\t\t\t\t<\/div>\n\t\t\t\t<div class=\"elementor-element elementor-element-f87f87d elementor-widget elementor-widget-image\" data-id=\"f87f87d\" data-element_type=\"widget\" data-e-type=\"widget\" data-widget_type=\"image.default\">\n\t\t\t\t\t\t\t\t\t\t\t\t\t\t\t<img loading=\"lazy\" decoding=\"async\" width=\"1024\" height=\"326\" src=\"https:\/\/turismebenifallet.cat\/wp-content\/uploads\/2025\/01\/IDECE-logotip-1-1024x326.webp\" class=\"attachment-large size-large wp-image-18053\" alt=\"\" srcset=\"https:\/\/turismebenifallet.cat\/wp-content\/uploads\/2025\/01\/IDECE-logotip-1-1024x326.webp 1024w, https:\/\/turismebenifallet.cat\/wp-content\/uploads\/2025\/01\/IDECE-logotip-1-300x96.webp 300w, https:\/\/turismebenifallet.cat\/wp-content\/uploads\/2025\/01\/IDECE-logotip-1-768x245.webp 768w, https:\/\/turismebenifallet.cat\/wp-content\/uploads\/2025\/01\/IDECE-logotip-1-261x83.webp 261w, https:\/\/turismebenifallet.cat\/wp-content\/uploads\/2025\/01\/IDECE-logotip-1-251x80.webp 251w, https:\/\/turismebenifallet.cat\/wp-content\/uploads\/2025\/01\/IDECE-logotip-1-394x125.webp 394w, https:\/\/turismebenifallet.cat\/wp-content\/uploads\/2025\/01\/IDECE-logotip-1-915x291.webp 915w, https:\/\/turismebenifallet.cat\/wp-content\/uploads\/2025\/01\/IDECE-logotip-1.webp 1168w\" sizes=\"(max-width: 1024px) 100vw, 1024px\" \/>\t\t\t\t\t\t\t\t\t\t\t\t\t\t\t<\/div>\n\t\t\t\t\t<\/div>\n\t\t\t\t<\/div>\n\t\t\t\t<\/div>\n\t\t","protected":false},"excerpt":{"rendered":"<p>Coraz\u00f3n del Ebro Benifallet goza de una ubicaci\u00f3n privilegiada dentro de las Terres de l&#8217;Ebre, convirti\u00e9ndose en un punto estrat\u00e9gico para explorar todos los espacios de inter\u00e9s tur\u00edstico y natural de la zona. Desde Benifallet podr\u00e1s desplazarte por las Terres &hellip; <a href=\"https:\/\/turismebenifallet.cat\/es\/\">Read More<\/a><\/p>\n","protected":false},"author":1,"featured_media":0,"parent":0,"menu_order":0,"comment_status":"closed","ping_status":"closed","template":"elementor_theme","meta":{"footnotes":""},"class_list":["post-11746","page","type-page","status-publish","hentry"],"yoast_head":"<!-- This site is optimized with the Yoast SEO plugin v27.5 - https:\/\/yoast.com\/product\/yoast-seo-wordpress\/ -->\n<title>Turisme Benifallet | CORAZ\u00d3N DEL EBRO<\/title>\n<meta name=\"description\" content=\"Descubre Benifallet: naturaleza, cuevas y el Ebro. Cultura, historia y gastronom\u00eda en el coraz\u00f3n del Ebro. \u00a1Planifica tu visita!\" \/>\n<meta name=\"robots\" content=\"index, follow, max-snippet:-1, max-image-preview:large, max-video-preview:-1\" \/>\n<link rel=\"canonical\" href=\"https:\/\/turismebenifallet.cat\/es\/\" \/>\n<meta property=\"og:locale\" content=\"es_ES\" \/>\n<meta property=\"og:type\" content=\"article\" \/>\n<meta property=\"og:title\" content=\"Turisme Benifallet | CORAZ\u00d3N DEL EBRO\" \/>\n<meta property=\"og:description\" content=\"Descubre Benifallet: naturaleza, cuevas y el Ebro. Cultura, historia y gastronom\u00eda en el coraz\u00f3n del Ebro. \u00a1Planifica tu visita!\" \/>\n<meta property=\"og:url\" content=\"https:\/\/turismebenifallet.cat\/es\/\" \/>\n<meta property=\"og:site_name\" content=\"Turisme Benifallet\" \/>\n<meta property=\"article:publisher\" content=\"https:\/\/www.facebook.com\/turismedebenifallet\" \/>\n<meta property=\"article:modified_time\" content=\"2025-09-26T09:52:14+00:00\" \/>\n<meta property=\"og:image\" content=\"https:\/\/turismebenifallet.cat\/wp-content\/uploads\/2025\/01\/cuevas-turisticas-de-Espana-1.webp\" \/>\n<meta name=\"twitter:card\" content=\"summary_large_image\" \/>\n<meta name=\"twitter:label1\" content=\"Tiempo de lectura\" \/>\n\t<meta name=\"twitter:data1\" content=\"3 minutos\" \/>\n<script type=\"application\/ld+json\" class=\"yoast-schema-graph\">{\"@context\":\"https:\\\/\\\/schema.org\",\"@graph\":[{\"@type\":\"WebPage\",\"@id\":\"https:\\\/\\\/turismebenifallet.cat\\\/es\\\/\",\"url\":\"https:\\\/\\\/turismebenifallet.cat\\\/es\\\/\",\"name\":\"Turisme Benifallet | CORAZ\u00d3N DEL EBRO\",\"isPartOf\":{\"@id\":\"https:\\\/\\\/turismebenifallet.cat\\\/#website\"},\"primaryImageOfPage\":{\"@id\":\"https:\\\/\\\/turismebenifallet.cat\\\/es\\\/#primaryimage\"},\"image\":{\"@id\":\"https:\\\/\\\/turismebenifallet.cat\\\/es\\\/#primaryimage\"},\"thumbnailUrl\":\"https:\\\/\\\/turismebenifallet.cat\\\/wp-content\\\/uploads\\\/2025\\\/01\\\/cuevas-turisticas-de-Espana-1.webp\",\"datePublished\":\"2024-05-28T15:39:24+00:00\",\"dateModified\":\"2025-09-26T09:52:14+00:00\",\"description\":\"Descubre Benifallet: naturaleza, cuevas y el Ebro. Cultura, historia y gastronom\u00eda en el coraz\u00f3n del Ebro. \u00a1Planifica tu visita!\",\"breadcrumb\":{\"@id\":\"https:\\\/\\\/turismebenifallet.cat\\\/es\\\/#breadcrumb\"},\"inLanguage\":\"es\",\"potentialAction\":[{\"@type\":\"ReadAction\",\"target\":[\"https:\\\/\\\/turismebenifallet.cat\\\/es\\\/\"]}]},{\"@type\":\"ImageObject\",\"inLanguage\":\"es\",\"@id\":\"https:\\\/\\\/turismebenifallet.cat\\\/es\\\/#primaryimage\",\"url\":\"https:\\\/\\\/turismebenifallet.cat\\\/wp-content\\\/uploads\\\/2025\\\/01\\\/cuevas-turisticas-de-Espana-1.webp\",\"contentUrl\":\"https:\\\/\\\/turismebenifallet.cat\\\/wp-content\\\/uploads\\\/2025\\\/01\\\/cuevas-turisticas-de-Espana-1.webp\"},{\"@type\":\"BreadcrumbList\",\"@id\":\"https:\\\/\\\/turismebenifallet.cat\\\/es\\\/#breadcrumb\",\"itemListElement\":[{\"@type\":\"ListItem\",\"position\":1,\"name\":\"Inici\",\"item\":\"https:\\\/\\\/turismebenifallet.cat\\\/es\\\/\"},{\"@type\":\"ListItem\",\"position\":2,\"name\":\"CORAZ\u00d3N DEL EBRO\"}]},{\"@type\":\"WebSite\",\"@id\":\"https:\\\/\\\/turismebenifallet.cat\\\/#website\",\"url\":\"https:\\\/\\\/turismebenifallet.cat\\\/\",\"name\":\"Turisme Benifallet\",\"description\":\"\",\"publisher\":{\"@id\":\"https:\\\/\\\/turismebenifallet.cat\\\/#organization\"},\"potentialAction\":[{\"@type\":\"SearchAction\",\"target\":{\"@type\":\"EntryPoint\",\"urlTemplate\":\"https:\\\/\\\/turismebenifallet.cat\\\/?s={search_term_string}\"},\"query-input\":{\"@type\":\"PropertyValueSpecification\",\"valueRequired\":true,\"valueName\":\"search_term_string\"}}],\"inLanguage\":\"es\"},{\"@type\":\"Organization\",\"@id\":\"https:\\\/\\\/turismebenifallet.cat\\\/#organization\",\"name\":\"Ajuntament de Benifallet\",\"alternateName\":\"Turisme Benifallet\",\"url\":\"https:\\\/\\\/turismebenifallet.cat\\\/\",\"logo\":{\"@type\":\"ImageObject\",\"inLanguage\":\"es\",\"@id\":\"https:\\\/\\\/turismebenifallet.cat\\\/#\\\/schema\\\/logo\\\/image\\\/\",\"url\":\"https:\\\/\\\/turismebenifallet.cat\\\/wp-content\\\/uploads\\\/2024\\\/05\\\/LogoCorDelEbre.png\",\"contentUrl\":\"https:\\\/\\\/turismebenifallet.cat\\\/wp-content\\\/uploads\\\/2024\\\/05\\\/LogoCorDelEbre.png\",\"width\":3508,\"height\":2481,\"caption\":\"Ajuntament de Benifallet\"},\"image\":{\"@id\":\"https:\\\/\\\/turismebenifallet.cat\\\/#\\\/schema\\\/logo\\\/image\\\/\"},\"sameAs\":[\"https:\\\/\\\/www.facebook.com\\\/turismedebenifallet\",\"https:\\\/\\\/www.instagram.com\\\/turismebenifallet\\\/\"]}]}<\/script>\n<!-- \/ Yoast SEO plugin. -->","yoast_head_json":{"title":"Turisme Benifallet | CORAZ\u00d3N DEL EBRO","description":"Descubre Benifallet: naturaleza, cuevas y el Ebro. Cultura, historia y gastronom\u00eda en el coraz\u00f3n del Ebro. \u00a1Planifica tu visita!","robots":{"index":"index","follow":"follow","max-snippet":"max-snippet:-1","max-image-preview":"max-image-preview:large","max-video-preview":"max-video-preview:-1"},"canonical":"https:\/\/turismebenifallet.cat\/es\/","og_locale":"es_ES","og_type":"article","og_title":"Turisme Benifallet | CORAZ\u00d3N DEL EBRO","og_description":"Descubre Benifallet: naturaleza, cuevas y el Ebro. Cultura, historia y gastronom\u00eda en el coraz\u00f3n del Ebro. \u00a1Planifica tu visita!","og_url":"https:\/\/turismebenifallet.cat\/es\/","og_site_name":"Turisme Benifallet","article_publisher":"https:\/\/www.facebook.com\/turismedebenifallet","article_modified_time":"2025-09-26T09:52:14+00:00","og_image":[{"url":"https:\/\/turismebenifallet.cat\/wp-content\/uploads\/2025\/01\/cuevas-turisticas-de-Espana-1.webp","type":"","width":"","height":""}],"twitter_card":"summary_large_image","twitter_misc":{"Tiempo de lectura":"3 minutos"},"schema":{"@context":"https:\/\/schema.org","@graph":[{"@type":"WebPage","@id":"https:\/\/turismebenifallet.cat\/es\/","url":"https:\/\/turismebenifallet.cat\/es\/","name":"Turisme Benifallet | CORAZ\u00d3N DEL EBRO","isPartOf":{"@id":"https:\/\/turismebenifallet.cat\/#website"},"primaryImageOfPage":{"@id":"https:\/\/turismebenifallet.cat\/es\/#primaryimage"},"image":{"@id":"https:\/\/turismebenifallet.cat\/es\/#primaryimage"},"thumbnailUrl":"https:\/\/turismebenifallet.cat\/wp-content\/uploads\/2025\/01\/cuevas-turisticas-de-Espana-1.webp","datePublished":"2024-05-28T15:39:24+00:00","dateModified":"2025-09-26T09:52:14+00:00","description":"Descubre Benifallet: naturaleza, cuevas y el Ebro. Cultura, historia y gastronom\u00eda en el coraz\u00f3n del Ebro. \u00a1Planifica tu visita!","breadcrumb":{"@id":"https:\/\/turismebenifallet.cat\/es\/#breadcrumb"},"inLanguage":"es","potentialAction":[{"@type":"ReadAction","target":["https:\/\/turismebenifallet.cat\/es\/"]}]},{"@type":"ImageObject","inLanguage":"es","@id":"https:\/\/turismebenifallet.cat\/es\/#primaryimage","url":"https:\/\/turismebenifallet.cat\/wp-content\/uploads\/2025\/01\/cuevas-turisticas-de-Espana-1.webp","contentUrl":"https:\/\/turismebenifallet.cat\/wp-content\/uploads\/2025\/01\/cuevas-turisticas-de-Espana-1.webp"},{"@type":"BreadcrumbList","@id":"https:\/\/turismebenifallet.cat\/es\/#breadcrumb","itemListElement":[{"@type":"ListItem","position":1,"name":"Inici","item":"https:\/\/turismebenifallet.cat\/es\/"},{"@type":"ListItem","position":2,"name":"CORAZ\u00d3N DEL EBRO"}]},{"@type":"WebSite","@id":"https:\/\/turismebenifallet.cat\/#website","url":"https:\/\/turismebenifallet.cat\/","name":"Turisme Benifallet","description":"","publisher":{"@id":"https:\/\/turismebenifallet.cat\/#organization"},"potentialAction":[{"@type":"SearchAction","target":{"@type":"EntryPoint","urlTemplate":"https:\/\/turismebenifallet.cat\/?s={search_term_string}"},"query-input":{"@type":"PropertyValueSpecification","valueRequired":true,"valueName":"search_term_string"}}],"inLanguage":"es"},{"@type":"Organization","@id":"https:\/\/turismebenifallet.cat\/#organization","name":"Ajuntament de Benifallet","alternateName":"Turisme Benifallet","url":"https:\/\/turismebenifallet.cat\/","logo":{"@type":"ImageObject","inLanguage":"es","@id":"https:\/\/turismebenifallet.cat\/#\/schema\/logo\/image\/","url":"https:\/\/turismebenifallet.cat\/wp-content\/uploads\/2024\/05\/LogoCorDelEbre.png","contentUrl":"https:\/\/turismebenifallet.cat\/wp-content\/uploads\/2024\/05\/LogoCorDelEbre.png","width":3508,"height":2481,"caption":"Ajuntament de Benifallet"},"image":{"@id":"https:\/\/turismebenifallet.cat\/#\/schema\/logo\/image\/"},"sameAs":["https:\/\/www.facebook.com\/turismedebenifallet","https:\/\/www.instagram.com\/turismebenifallet\/"]}]}},"_links":{"self":[{"href":"https:\/\/turismebenifallet.cat\/es\/wp-json\/wp\/v2\/pages\/11746","targetHints":{"allow":["GET"]}}],"collection":[{"href":"https:\/\/turismebenifallet.cat\/es\/wp-json\/wp\/v2\/pages"}],"about":[{"href":"https:\/\/turismebenifallet.cat\/es\/wp-json\/wp\/v2\/types\/page"}],"author":[{"embeddable":true,"href":"https:\/\/turismebenifallet.cat\/es\/wp-json\/wp\/v2\/users\/1"}],"replies":[{"embeddable":true,"href":"https:\/\/turismebenifallet.cat\/es\/wp-json\/wp\/v2\/comments?post=11746"}],"version-history":[{"count":10,"href":"https:\/\/turismebenifallet.cat\/es\/wp-json\/wp\/v2\/pages\/11746\/revisions"}],"predecessor-version":[{"id":19050,"href":"https:\/\/turismebenifallet.cat\/es\/wp-json\/wp\/v2\/pages\/11746\/revisions\/19050"}],"wp:attachment":[{"href":"https:\/\/turismebenifallet.cat\/es\/wp-json\/wp\/v2\/media?parent=11746"}],"curies":[{"name":"wp","href":"https:\/\/api.w.org\/{rel}","templated":true}]}}